{"id":11277,"date":"2025-12-09T16:54:58","date_gmt":"2025-12-09T16:54:58","guid":{"rendered":"https:\/\/www.atouchofafrica.ch\/produkt\/quadratischer-tisch-80-cm\/"},"modified":"2025-12-09T16:58:38","modified_gmt":"2025-12-09T16:58:38","slug":"quadratischer-tisch-80-cm","status":"publish","type":"product","link":"https:\/\/www.atouchofafrica.ch\/fr\/produkt\/quadratischer-tisch-80-cm\/","title":{"rendered":"Table carr\u00e9e 80 cm"},"content":{"rendered":"<p>Table carr\u00e9e avec un c\u00f4t\u00e9 de 80 cm, fabriqu\u00e9e \u00e0 la main \u00e0 Marrakech \u00e0 partir de nombreux petits morceaux de mosa\u00efque, en rouge fonc\u00e9 et \u00e9cru (couleur cr\u00e8me), adapt\u00e9e pour deux \u00e0 trois personnes pour manger. Hauteur : 74 cm. Dos en ciment (m\u00e9thode classique, donc assez lourd), le plateau repose sur le cadre en m\u00e9tal et peut \u00eatre facilement s\u00e9par\u00e9. Prix r\u00e9duit de moiti\u00e9 \u00e0 cause de la vente finale.<\/p>\n<p>Doit \u00eatre retir\u00e9e sur place<\/p>\n<p>&nbsp;<\/p>\n","protected":false},"excerpt":{"rendered":"<p>Table carr\u00e9e avec un c\u00f4t\u00e9 de 80 cm, fabriqu\u00e9e \u00e0 la main \u00e0 Marrakech \u00e0 partir de nombreux petits morceaux de mosa\u00efque, en rouge fonc\u00e9 et \u00e9cru (couleur cr\u00e8me), adapt\u00e9e pour deux \u00e0 trois personnes pour manger. Hauteur : 74 cm. Dos en ciment (m\u00e9thode classique, donc assez lourd), le plateau repose sur le cadre en m\u00e9tal et peut \u00eatre facilement s\u00e9par\u00e9. Prix r\u00e9duit de moiti\u00e9 \u00e0 cause de la vente finale. Doit \u00eatre retir\u00e9e sur place &nbsp;<\/p>\n","protected":false},"featured_media":11295,"template":"","meta":{"_acf_changed":false},"product_brand":[],"product_cat":[350],"product_tag":[],"class_list":{"0":"post-11277","1":"product","2":"type-product","3":"status-publish","4":"has-post-thumbnail","6":"product_cat-tables-en-mosaique","8":"first","9":"instock","10":"sale","11":"shipping-taxable","12":"purchasable","13":"product-type-simple"},"acf":[],"yoast_head":"<!-- This site is optimized with the Yoast SEO plugin v26.0 - https:\/\/yoast.com\/wordpress\/plugins\/seo\/ -->\n<title>Table carr\u00e9e 80 cm - A Touch of Africa<\/title>\n<meta name=\"robots\" content=\"index, follow, max-snippet:-1, max-image-preview:large, max-video-preview:-1\" \/>\n<link rel=\"canonical\" href=\"https:\/\/www.atouchofafrica.ch\/fr\/produkt\/quadratischer-tisch-80-cm\/\" \/>\n<meta property=\"og:locale\" content=\"fr_FR\" \/>\n<meta property=\"og:type\" content=\"article\" \/>\n<meta property=\"og:title\" content=\"Table carr\u00e9e 80 cm - A Touch of Africa\" \/>\n<meta property=\"og:description\" content=\"Table carr\u00e9e avec un c\u00f4t\u00e9 de 80 cm, fabriqu\u00e9e \u00e0 la main \u00e0 Marrakech \u00e0 partir de nombreux petits morceaux de mosa\u00efque, en rouge fonc\u00e9 et \u00e9cru (couleur cr\u00e8me), adapt\u00e9e pour deux \u00e0 trois personnes pour manger. Hauteur : 74 cm. Dos en ciment (m\u00e9thode classique, donc assez lourd), le plateau repose sur le cadre en m\u00e9tal et peut \u00eatre facilement s\u00e9par\u00e9. Prix r\u00e9duit de moiti\u00e9 \u00e0 cause de la vente finale. Doit \u00eatre retir\u00e9e sur place &nbsp;\" \/>\n<meta property=\"og:url\" content=\"https:\/\/www.atouchofafrica.ch\/fr\/produkt\/quadratischer-tisch-80-cm\/\" \/>\n<meta property=\"og:site_name\" content=\"A Touch of Africa\" \/>\n<meta property=\"article:modified_time\" content=\"2025-12-09T16:58:38+00:00\" \/>\n<meta property=\"og:image\" content=\"https:\/\/www.atouchofafrica.ch\/wp-content\/uploads\/2025\/12\/80x80T.jpeg\" \/>\n\t<meta property=\"og:image:width\" content=\"1512\" \/>\n\t<meta property=\"og:image:height\" content=\"1568\" \/>\n\t<meta property=\"og:image:type\" content=\"image\/jpeg\" \/>\n<meta name=\"twitter:card\" content=\"summary_large_image\" \/>\n<meta name=\"twitter:label1\" content=\"Dur\u00e9e de lecture estim\u00e9e\" \/>\n\t<meta name=\"twitter:data1\" content=\"1 minute\" \/>\n<script type=\"application\/ld+json\" class=\"yoast-schema-graph\">{\"@context\":\"https:\/\/schema.org\",\"@graph\":[{\"@type\":\"WebPage\",\"@id\":\"https:\/\/www.atouchofafrica.ch\/fr\/produkt\/quadratischer-tisch-80-cm\/\",\"url\":\"https:\/\/www.atouchofafrica.ch\/fr\/produkt\/quadratischer-tisch-80-cm\/\",\"name\":\"Table carr\u00e9e 80 cm - A Touch of Africa\",\"isPartOf\":{\"@id\":\"https:\/\/www.atouchofafrica.ch\/fr\/#website\"},\"primaryImageOfPage\":{\"@id\":\"https:\/\/www.atouchofafrica.ch\/fr\/produkt\/quadratischer-tisch-80-cm\/#primaryimage\"},\"image\":{\"@id\":\"https:\/\/www.atouchofafrica.ch\/fr\/produkt\/quadratischer-tisch-80-cm\/#primaryimage\"},\"thumbnailUrl\":\"https:\/\/www.atouchofafrica.ch\/wp-content\/uploads\/2025\/12\/80x80T.jpeg\",\"datePublished\":\"2025-12-09T16:54:58+00:00\",\"dateModified\":\"2025-12-09T16:58:38+00:00\",\"breadcrumb\":{\"@id\":\"https:\/\/www.atouchofafrica.ch\/fr\/produkt\/quadratischer-tisch-80-cm\/#breadcrumb\"},\"inLanguage\":\"fr-FR\",\"potentialAction\":[{\"@type\":\"ReadAction\",\"target\":[\"https:\/\/www.atouchofafrica.ch\/fr\/produkt\/quadratischer-tisch-80-cm\/\"]}]},{\"@type\":\"ImageObject\",\"inLanguage\":\"fr-FR\",\"@id\":\"https:\/\/www.atouchofafrica.ch\/fr\/produkt\/quadratischer-tisch-80-cm\/#primaryimage\",\"url\":\"https:\/\/www.atouchofafrica.ch\/wp-content\/uploads\/2025\/12\/80x80T.jpeg\",\"contentUrl\":\"https:\/\/www.atouchofafrica.ch\/wp-content\/uploads\/2025\/12\/80x80T.jpeg\",\"width\":1512,\"height\":1568},{\"@type\":\"BreadcrumbList\",\"@id\":\"https:\/\/www.atouchofafrica.ch\/fr\/produkt\/quadratischer-tisch-80-cm\/#breadcrumb\",\"itemListElement\":[{\"@type\":\"ListItem\",\"position\":1,\"name\":\"Startseite\",\"item\":\"https:\/\/www.atouchofafrica.ch\/fr\/\"},{\"@type\":\"ListItem\",\"position\":2,\"name\":\"Produits\",\"item\":\"https:\/\/www.atouchofafrica.ch\/fr\/shop\/\"},{\"@type\":\"ListItem\",\"position\":3,\"name\":\"Table carr\u00e9e 80 cm\"}]},{\"@type\":\"WebSite\",\"@id\":\"https:\/\/www.atouchofafrica.ch\/fr\/#website\",\"url\":\"https:\/\/www.atouchofafrica.ch\/fr\/\",\"name\":\"A Touch of Africa\",\"description\":\"Moderne Fairtrade Wohnideen vom afrikanischen Kontinent\",\"potentialAction\":[{\"@type\":\"SearchAction\",\"target\":{\"@type\":\"EntryPoint\",\"urlTemplate\":\"https:\/\/www.atouchofafrica.ch\/fr\/?s={search_term_string}\"},\"query-input\":{\"@type\":\"PropertyValueSpecification\",\"valueRequired\":true,\"valueName\":\"search_term_string\"}}],\"inLanguage\":\"fr-FR\"}]}<\/script>\n<!-- \/ Yoast SEO plugin. -->","yoast_head_json":{"title":"Table carr\u00e9e 80 cm - A Touch of Africa","robots":{"index":"index","follow":"follow","max-snippet":"max-snippet:-1","max-image-preview":"max-image-preview:large","max-video-preview":"max-video-preview:-1"},"canonical":"https:\/\/www.atouchofafrica.ch\/fr\/produkt\/quadratischer-tisch-80-cm\/","og_locale":"fr_FR","og_type":"article","og_title":"Table carr\u00e9e 80 cm - A Touch of Africa","og_description":"Table carr\u00e9e avec un c\u00f4t\u00e9 de 80 cm, fabriqu\u00e9e \u00e0 la main \u00e0 Marrakech \u00e0 partir de nombreux petits morceaux de mosa\u00efque, en rouge fonc\u00e9 et \u00e9cru (couleur cr\u00e8me), adapt\u00e9e pour deux \u00e0 trois personnes pour manger. Hauteur : 74 cm. Dos en ciment (m\u00e9thode classique, donc assez lourd), le plateau repose sur le cadre en m\u00e9tal et peut \u00eatre facilement s\u00e9par\u00e9. Prix r\u00e9duit de moiti\u00e9 \u00e0 cause de la vente finale. Doit \u00eatre retir\u00e9e sur place &nbsp;","og_url":"https:\/\/www.atouchofafrica.ch\/fr\/produkt\/quadratischer-tisch-80-cm\/","og_site_name":"A Touch of Africa","article_modified_time":"2025-12-09T16:58:38+00:00","og_image":[{"width":1512,"height":1568,"url":"https:\/\/www.atouchofafrica.ch\/wp-content\/uploads\/2025\/12\/80x80T.jpeg","type":"image\/jpeg"}],"twitter_card":"summary_large_image","twitter_misc":{"Dur\u00e9e de lecture estim\u00e9e":"1 minute"},"schema":{"@context":"https:\/\/schema.org","@graph":[{"@type":"WebPage","@id":"https:\/\/www.atouchofafrica.ch\/fr\/produkt\/quadratischer-tisch-80-cm\/","url":"https:\/\/www.atouchofafrica.ch\/fr\/produkt\/quadratischer-tisch-80-cm\/","name":"Table carr\u00e9e 80 cm - A Touch of Africa","isPartOf":{"@id":"https:\/\/www.atouchofafrica.ch\/fr\/#website"},"primaryImageOfPage":{"@id":"https:\/\/www.atouchofafrica.ch\/fr\/produkt\/quadratischer-tisch-80-cm\/#primaryimage"},"image":{"@id":"https:\/\/www.atouchofafrica.ch\/fr\/produkt\/quadratischer-tisch-80-cm\/#primaryimage"},"thumbnailUrl":"https:\/\/www.atouchofafrica.ch\/wp-content\/uploads\/2025\/12\/80x80T.jpeg","datePublished":"2025-12-09T16:54:58+00:00","dateModified":"2025-12-09T16:58:38+00:00","breadcrumb":{"@id":"https:\/\/www.atouchofafrica.ch\/fr\/produkt\/quadratischer-tisch-80-cm\/#breadcrumb"},"inLanguage":"fr-FR","potentialAction":[{"@type":"ReadAction","target":["https:\/\/www.atouchofafrica.ch\/fr\/produkt\/quadratischer-tisch-80-cm\/"]}]},{"@type":"ImageObject","inLanguage":"fr-FR","@id":"https:\/\/www.atouchofafrica.ch\/fr\/produkt\/quadratischer-tisch-80-cm\/#primaryimage","url":"https:\/\/www.atouchofafrica.ch\/wp-content\/uploads\/2025\/12\/80x80T.jpeg","contentUrl":"https:\/\/www.atouchofafrica.ch\/wp-content\/uploads\/2025\/12\/80x80T.jpeg","width":1512,"height":1568},{"@type":"BreadcrumbList","@id":"https:\/\/www.atouchofafrica.ch\/fr\/produkt\/quadratischer-tisch-80-cm\/#breadcrumb","itemListElement":[{"@type":"ListItem","position":1,"name":"Startseite","item":"https:\/\/www.atouchofafrica.ch\/fr\/"},{"@type":"ListItem","position":2,"name":"Produits","item":"https:\/\/www.atouchofafrica.ch\/fr\/shop\/"},{"@type":"ListItem","position":3,"name":"Table carr\u00e9e 80 cm"}]},{"@type":"WebSite","@id":"https:\/\/www.atouchofafrica.ch\/fr\/#website","url":"https:\/\/www.atouchofafrica.ch\/fr\/","name":"A Touch of Africa","description":"Moderne Fairtrade Wohnideen vom afrikanischen Kontinent","potentialAction":[{"@type":"SearchAction","target":{"@type":"EntryPoint","urlTemplate":"https:\/\/www.atouchofafrica.ch\/fr\/?s={search_term_string}"},"query-input":{"@type":"PropertyValueSpecification","valueRequired":true,"valueName":"search_term_string"}}],"inLanguage":"fr-FR"}]}},"_links":{"self":[{"href":"https:\/\/www.atouchofafrica.ch\/fr\/wp-json\/wp\/v2\/product\/11277","targetHints":{"allow":["GET"]}}],"collection":[{"href":"https:\/\/www.atouchofafrica.ch\/fr\/wp-json\/wp\/v2\/product"}],"about":[{"href":"https:\/\/www.atouchofafrica.ch\/fr\/wp-json\/wp\/v2\/types\/product"}],"wp:featuredmedia":[{"embeddable":true,"href":"https:\/\/www.atouchofafrica.ch\/fr\/wp-json\/wp\/v2\/media\/11295"}],"wp:attachment":[{"href":"https:\/\/www.atouchofafrica.ch\/fr\/wp-json\/wp\/v2\/media?parent=11277"}],"wp:term":[{"taxonomy":"product_brand","embeddable":true,"href":"https:\/\/www.atouchofafrica.ch\/fr\/wp-json\/wp\/v2\/product_brand?post=11277"},{"taxonomy":"product_cat","embeddable":true,"href":"https:\/\/www.atouchofafrica.ch\/fr\/wp-json\/wp\/v2\/product_cat?post=11277"},{"taxonomy":"product_tag","embeddable":true,"href":"https:\/\/www.atouchofafrica.ch\/fr\/wp-json\/wp\/v2\/product_tag?post=11277"}],"curies":[{"name":"wp","href":"https:\/\/api.w.org\/{rel}","templated":true}]}}